{"id":1785,"date":"2017-01-30T23:14:46","date_gmt":"2017-01-30T23:14:46","guid":{"rendered":"https:\/\/www.conscremona.it\/en\/?page_id=1785"},"modified":"2022-08-24T12:15:18","modified_gmt":"2022-08-24T12:15:18","slug":"masterclasses-and-workshops","status":"publish","type":"page","link":"https:\/\/www.conscremona.it\/en\/masterclasses-and-workshops\/","title":{"rendered":"Masterclasses and Workshops"},"content":{"rendered":"<h3><span style=\"color: #e31212;\">Violin masterclass by Maestro Gabriele Pieranunzi: repertoire, solos and orchestral excerpts<\/span><\/h3>\n<p><strong><br \/>\n19 Maggio 2022<\/strong><\/p>\n<p>We are pleased to welcome <strong>Maestro Gabriele Pieranunzi<\/strong>, internationally renowned violinist.<br \/>\nIn the beautiful setting of <strong><em>Palazzo Magio Grasselli<\/em><\/strong>, Maestro Pieranunzi will give a violin masterclass on <strong><em>&#8220;Repertoire, solos and orchestral excerpts&#8221;<\/em><\/strong>, according to the following schedule:<\/p>\n<p>&nbsp;<\/p>\n<p><em><strong>\u00a0 \u00a0 \u00a0 \u00a0 \u00a0 \u00a0 \u00a0 \u00a0 \u00a0 \u00a0 \u00a0Monday, June 6,\u00a0\u00a0 from \u00a09:00 &#8211; 13:00 \/ 16:00 &#8211; 20.00<\/strong><\/em><\/p>\n<p><em><strong>\u00a0 \u00a0 \u00a0 \u00a0 \u00a0 \u00a0 \u00a0 \u00a0 \u00a0 \u00a0 \u00a0Tuesday, June 7,\u00a0\u00a0 \u00a0from 9:00 &#8211; 13:00 \/ 16:00 &#8211; 20:00<\/strong><\/em><\/p>\n<hr \/>\n<h3><span style=\"color: #e31212;\">Masterclass &#8220;The Voice at the Center Between Science and Art&#8221; &#8211; Dr. Vanna Rosellini<br \/>\n<\/span><\/h3>\n<p>Dr. Rosellini will be holding a lecture entitled &#8220;The Voice at the Center between Science and Art&#8221; according to the following schedule:<\/p>\n<p>Saturday, June 4, 2022\u00a0 \u00a0 \u00a0from 9:30 &#8211; 12:30 \/ 14:00 &#8211; 17:00<\/p>\n<p>Sunday, June 5, 2022\u00a0 \u00a0 \u00a0from 9:30-12:30 \/ 14:00 &#8211; 17:00<\/p>\n<p>The entire seminar comes free of charge for students enrolled in the conservatories, while a fee of \u20ac120 applies to external students.<\/p>\n<p>Please note that you can also make your payment through the Teacher&#8217;s Card.<\/p>\n<p>Below is the form you need to fill out to register:<br \/>\n<a href=\"https:\/\/www.conscremona.it\/site\/wp-content\/uploads\/2022\/05\/Modulo-iscrizione-seminario-Progetto-voce.docx\">https:\/\/www.conscremona.it\/site\/wp-content\/uploads\/2022\/05\/Modulo-iscrizione-seminario-Progetto-voce.docx<\/a><\/p>\n<p>For additional information: 0372-22423 &#8211; <a href=\"mailto:info@istitutomonteverdi.it\">info@istitutomonteverdi.it<\/a><\/p>\n<hr \/>\n<h3><span style=\"color: #e31212;\">Masterclass by Maestro Bruno Canino at Palazzo Grasselli<\/span><\/h3>\n<p>Maestro Bruno Canino&#8217;s Masterclass will be held at Palazzo Grasselli, Cremona on the following dates:<\/p>\n<p>&#8211; Tuesday, May 3\u00a0 \u00a0 11:00-13:00 \/ 15:00 &#8211; 19.00<\/p>\n<p>&#8211; Wednesday, May 4\u00a0 \u00a0 10:00-13:00 \/ 15:00 &#8211; 18:00<\/p>\n<p>&#8211; Thursday, May 5\u00a0 \u00a0 10:00 &#8211; 13:00 \/ 14:00 &#8211; 17:00.<\/p>\n<p>Free entrance until all the seats are filled out. Reservations at <a href=\"mailto:comunicazione@conscremona.it\">comunicazione@conscremona.it<\/a><\/p>\n<hr \/>\n<h3><span style=\"color: #e31212;\">Masterclass &#8211; Baroque Music workshop, upcoming dates:<\/span><\/h3>\n<p><strong><br \/>\nProf. Thomas Chigioni \u2013 Baroque Cello workshops:<br \/>\nOrnamentation and improvisation<\/strong><\/p>\n<p>Friday, May 13\u00a0 \u00a0 from 10:00 &#8211; 13:00.<\/p>\n<p>Saturday, May 7\u00a0 \u00a0 from 10:00 &#8211; 13:00.<\/p>\n<p>Friday, April 22\u00a0 \u00a0 from 10:00 &#8211; 13:00.<\/p>\n<p>Tuesday, April 12\u00a0 \u00a0 from 10:00 &#8211; 13:00.<\/p>\n<p>Tuesday, March 29\u00a0 \u00a0 from 10:00 &#8211; 13:00.<\/p>\n<p><strong><span style=\"color: #000000;\">Prof. Valerio Losito \u2013 Baroque violin Masterclass<\/span><\/strong><\/p>\n<p>Friday, April 29\u00a0 \u00a0 from 10:00 &#8211; 13:00.<\/p>\n<p>Tuesday, May 17\u00a0 \u00a0 from 10:00 &#8211; 13:00.<\/p>\n<p>Wednesday, March 30<\/p>\n<p>Friday, March 11\u00a0 \u00a0 (10:00 &#8211; 13:00 \/ 14:00 &#8211; 17:00)<\/p>\n<p>Wednesday, January 26<\/p>\n<p>Tuesday, January 25<br \/>\n<strong><br \/>\n<span style=\"color: #000000;\">Prof. Filippo Mineccia \u2013 Baroque singing Masterclass<br \/>\n<\/span><\/strong><span style=\"color: #000000;\"><br \/>\nWednesday, September 7,\u00a0 \u00a0from 10:00 &#8211; 13:00.<\/p>\n<p>Tuesday, September 6,\u00a0 \u00a0from 10:00 &#8211; 13:00\/ 15:00 &#8211; 20:00.<\/p>\n<p>Monday, September 5,\u00a0 \u00a0from 16:00 &#8211; 20:00.<\/span><\/p>\n<p>Thursday, June 23\u00a0 \u00a0 from 10:00 \u2013 15:00.<\/p>\n<p>Wednesday, June 22\u00a0 \u00a0from 10:00 \u2013 15:00.<\/p>\n<p>Tuesday, June 21\u00a0 \u00a0from 14:00 \u2013 19:30.<\/p>\n<p>Tuesday, May 31\u00a0 \u00a0 from 10:00 &#8211; 17:00.<\/p>\n<p>Monday, May 30\u00a0 \u00a0 from 17:00 &#8211; 20:00.<\/p>\n<p>Tuesday, March 29\u00a0 \u00a0 from 10:00 &#8211; 15:00.<\/p>\n<p>Monday, March 28\u00a0 \u00a0 from 14:00 &#8211; 19:00.<\/p>\n<p>Saturday, April 23\u00a0 \u00a0 from 10:00 &#8211; 16:00.<\/p>\n<p>Friday, April 22\u00a0 \u00a0 from 17:00 &#8211; 20:00.<\/p>\n<p>Sunday, Feb. 6\u00a0 \u00a0 from 9:30 &#8211; 15:00.<\/p>\n<p>Saturday, Feb. 5\u00a0 \u00a0 from 14:00 &#8211; 19:00.<\/p>\n<p>&nbsp;<\/p>\n<p>For any additional information, please feel free to contact the Conservatory at the following number: 037222423, or by sending an email to: <a href=\"mailto:comunicazione@conscremona.it\">comunicazione@conscremona.it<\/a><\/p>\n<hr \/>\n<h3><span style=\"color: #e31212;\">Mario Brunello Masterclass\u2013Aimez-vous Brahms?<\/span><\/h3>\n<p><strong><br \/>\nOn Saturday, April 23 from 10:00 &#8211; 17:00 will be held a lecture with Maestro Mario Brunello under the title Aimez-vous Brahms?<\/strong><br \/>\nThe project is organized by the classes of Laura Gorna, Silvia Chiesa and Francesco Fiore, in partnership with the Bergamo and Pavia Conservatories.<br \/>\nThe event will take place in the beautiful venue of Grasselli Palace.<br \/>\nFor more informations, contact 0372 22423 and reserve your place at:\u00a0<a href=\"mailto:comunicazione@conscremona.it\">comunicazione@conscremona.it<\/a><\/p>\n<hr \/>\n<h3><span style=\"color: #de1616;\"><span style=\"color: #e31212;\">Online seminar &#8220;Musicological research in a musician&#8217;s career&#8221;\u00a0<\/span><strong><br \/>\n<\/strong><\/span><\/h3>\n<p>Maestro Francesco Molmenti&#8217;s online educational seminar entitled &#8220;Musicological Research in a Musician&#8217;s Career&#8221; will be held on April 24, 2021 at 10:30 a.m.<br \/>\nThe meeting is organized as part of Prof. Federica Marsico&#8217;s Music History Investigation Methodologies course. All interested are invited to attend.<br \/>\nTo receive access instructions for attending, send an email to: <a href=\"mailto:federica.marsico@conscremona.it\">federica.marsico@conscremona.it<\/a> .<\/p>\n<hr \/>\n<h3><span style=\"color: #de1616;\"><span style=\"color: #e31212;\">&#8220;Beethoven: Presente!&#8221; &#8211; Masterclass on Beethoven&#8217;s Ten Sonatas for Violin and Piano by Salvatore Accardo<\/span><\/span><\/h3>\n<p><strong>Program:<br \/>\nMonday, November 2<\/strong><\/p>\n<p>14:00 Sonata No. 1 in D Major, Op. 12<br \/>\nViolin: Stefan Stancic<br \/>\nPiano: Yevgeni Galanov<br \/>\n2:45 p.m. Sonata No. 2 in A Major, Op. 12<br \/>\nViolin: Davide Facchini<br \/>\nPiano: Yevgeni Galanov<br \/>\n16:30 Sonata No. 3 in E Flat Major, Op. 12<br \/>\nViolin: Ann-Sophie Volz<br \/>\nPiano: Yevgeni Galanov<br \/>\n17:15 Sonata No. 4 in A Minor, Op. 23<br \/>\nViolin: Leonardo Pellegrini<br \/>\nPiano: Yevgeni Galanov<\/p>\n<p>Tuesday, November 3<\/p>\n<p>09:30 Sonata No. 6 in A Major, Op. 30<br \/>\nViolin: Leonardo Pellegrini<br \/>\nPiano: Yevgeni Galanov<br \/>\n11:00 Sonata No. 8 in G Major, Op. 30<br \/>\nViolin: Sofia Manvati<br \/>\nPiano: Giorgio Lazzari<br \/>\n12:00 Sonata No. 9 in A Major, Op. 47 &#8220;Kreutzer&#8221;<br \/>\nViolin: Heesun Lee<br \/>\nPiano: Yevgeni Galanov<br \/>\n15:00 Sonata No. 9 in A Major, Op. 47 &#8220;Kreutzer&#8221;<br \/>\nViolin: Heesun Lee<br \/>\nPiano: Yevgeni Galanov<br \/>\n16:00 Sonata No. 10 in G Major, Op. 96<br \/>\nViolin: Sofia Manvati<br \/>\nPiano: Giorgio Lazzari<br \/>\n______<\/p>\n<p>It is a gift to the city of Cremona and to the young musicians of the Istituto Superiore di Studi Musicali Claudio Monteverdi and the Gaetano Donizetti Conservatory of Bergamo that Salvatore Accardo is giving a master class scheduled for November 2020.<br \/>\nThe seminar will consist of three days devoted entirely to the ten Violin and Piano Sonatas of Ludwig van Beethoven, whose 250th birth anniversary will be celebrated in 2020.<br \/>\nEach of the selected students will have the chance to work in-depth on their assigned sonata under the guidance of Maestro Accardo, who will conduct the meetings with the piano collaboration of Yevgeni Galanov and Giorgio Lazzari (a student at the Bergamo Conservatory of Music).<br \/>\nThis event is part of the broader &#8220;Beethoven: Present!&#8221; project, which includes a series of meetings at the Monteverdi Conservatory with Prof. Laura Gorna, titular, professor of violin class at the Cremona Conservatory.<br \/>\nA concert series with great symbolic value.<\/p>\n<hr \/>\n<h3><span style=\"color: #de1616;\"><span style=\"color: #e31212;\">Masterclass with Maestro Liviu Casleanu\u00a0<\/span><\/span><\/h3>\n<p>On Feb. 14 &#8211; 16 we invite you to a masterclass in violin and chamber music with Maestro Liviu Casleanu, First Violin of the Beethoven Orchestra in Bonn and the Beethoven Quartet, and professor at the Hochschulen in Mainz and Rostock.<\/p>\n<hr \/>\n<h3 class=\"post-title\">Chamber music masterclass with Maestro Wilson Hermanto, Thursday 14th November 2019 from 10:00 until 17:00<\/h3>\n<p>Masterclass with Maestro Wilson Hermanto, Principal Guest Conductor of the Cameristi della Scala. For students of the Conservatoire (and of other northern-Italian conservatoires), but all are welcome to come and listen. In the Sala Manfredini at the Museo Civico Ala Ponzone.<\/p>\n<p>Info:\u00a00372 22423\u00a0 \u00a0 \u00a0 info@istitutomonteverdi.it<\/p>\n<p>Learn more:<br \/>\n<a class=\"ddownload-link id-6419 ext-pdf\" title=\"Download\" href=\"https:\/\/www.conscremona.it\/?download=6419\" rel=\"nofollow\">Download<\/a><\/p>\n<hr \/>\n<h3 class=\"post-title\">Summer Workshop of Musical Education \u2013 Maria Montessori and Emile Jaques-Dalcroze: a possible harmony 27 &#8211; 30 august 2019<\/h3>\n<h4>Teachers: Mr Pietro Diambrini and Ms Ilaria Riboldi<\/h4>\n<div class=\"text-content\">\n<p>Courses for primary school teachers.<\/p>\n<p>For more information: info@istitutomonteverdi.it<\/p>\n<p>Iscritions on S.O.F.I.A. website, MIUR, with teacher&#8217;s pass<\/p>\n<hr \/>\n<h3><span style=\"color: #de1616;\"><span style=\"color: #e31212;\">Erasmus Masterclass in Piano and Vocal and Instrumental Chamber Music with Christophe Simonet (ESMD Lille &#8211; France)<br \/>\n<\/span><\/span><\/h3>\n<p><strong><br \/>\nJune 7 &#8211; 8, 2019-\u00a0\u00a0 from 10:30 a.m<\/strong><\/p>\n<p><strong>Manfredini Hall<\/strong><\/p>\n<p><strong>For registration: <a href=\"mailto:info@istitutomonteverdi.it\">info@istitutomonteverdi.it<\/a><\/strong><\/p>\n<hr \/>\n<p><strong>The professor<br \/>\n<\/strong><br \/>\n<strong>Christophe Simonet<\/strong> began studying piano at the Avignon Conservatoire in the class of Yves Marie Bruel, where he won the premier prix in piano and chamber music. After winning the same prize at the Conservatoire National de Boulogne-Billancourt in the class of Jacqueline Landowski, he entered the Conservatoire National Sup\u00e9rieur de Musique et de Danse de Paris where he won a premier prix in piano and a special jury prize in the class of Jacques Rouvier and Th\u00e9odore Paraskivesco.<br \/>\nHe has performed in many concert halls besides France, including Germany, England, Holland, Spain, Malaysia, Polynesia, Algeria, and Kenya.<br \/>\nWith violinist Fr\u00e9d\u00e9ric P\u00e9lassy he has recorded discs dedicated to Mozart, Brahms, Beethoven, Franck, Faur\u00e9, and Debussy. He also performs with singers and in particular with mezzo-soprano Marie Boyer or tenor Pierre Vaello, with whom he recorded a disc of opera arias, as well as with baritone Fran\u00e7ois Le Roux.<br \/>\nIn 2010 he performed Bach&#8217;s Goldberg Variations numerous times.<strong><br \/>\n<\/strong>Following ten years of teaching in the singing department of the Conservatoire National Sup\u00e9rieur de Musique et de Danse de Paris, Christophe Simonet is professor of accompaniment and chamber music at the \u00c9cole Sup\u00e9rieure de Musique et Danse (ESMD) de Lille.<\/p>\n<p><strong>BAROQUE MUSIC LABORATORY<br \/>\nof the Cremona Conservatory of Music<\/strong><\/p>\n<p>February 14 &#8211; May 12, 2019<\/p>\n<p>The Baroque Music Workshop is aimed at singers and instrumentalists inside and outside the Cremona Conservatory of Music. The workshop aims to promote activities related to the Academic Diploma courses in early music (Baroque and Renaissance Singing, Baroque Violin, Baroque Cello, Harpsichord and Historical Keyboards) and for which admissions are scheduled for next July 2019.<br \/>\nThe project is supervised by teachers <strong>Isabella Longo<\/strong> (violin teacher and coordinator) and <strong>Luca Antoniotti <\/strong>(organ, harpsichord, ensemble music for voices and ancient instruments), and has the valuable collaboration of some of the best performers and scholars of performance practice and repertoire:<\/p>\n<p><strong>Sonia Prina<\/strong> &#8211; baroque and renaissance singing<\/p>\n<p><strong>Enrico Casazza<\/strong> &#8211; baroque violin<\/p>\n<p><strong>Paolo Beschi<\/strong> &#8211; baroque cello<\/p>\n<p>Thanks to the collaboration with Teatro Ponchielli, the workshop is included in the activities of the Monteverdi Festival during which a final concert is planned. Other concerts are also planned.<br \/>\nClasses and rehearsals will be held in the period between February 14 and May 12, 2019 according to the attached schedule. Baroque and Renaissance repertoire (performance practice) will be addressed during the lectures, with special attention to the program identified for the\u00a0performance of the final Concert of the Workshop.<br \/>\nSingers and instrumentalists can participate in all classes, reference masterclasses and attend others.<br \/>\nApplications are made by filling out the application form available online at the Conservatory&#8217;s website and sending it to the Cremona Conservatory Secretariat: <a href=\"mailto:info@istitutomonteverdi.it\">info@istitutomonteverdi.it<\/a><\/p>\n<p>1. The registration fee must be paid by February 10. The registration fee must be paid by Bank Transfer c\/c payable to Istituto Superiore di Studi Musicali C. Monteverdi di Cremona &#8211; IBAN IT56L0845411400000000088271 with the reason for the registration fee: Laboratorio Barocco.<\/p>\n<\/div>\n","protected":false},"excerpt":{"rendered":"<p>Violin masterclass by Maestro Gabriele Pieranunzi: repertoire, solos and orchestral excerpts 19 Maggio 2022 We are pleased to welcome Maestro Gabriele Pieranunzi, internationally renowned violinist. In the beautiful setting of [&hellip;]<\/p>\n","protected":false},"author":8,"featured_media":0,"parent":0,"menu_order":0,"comment_status":"closed","ping_status":"closed","template":"","meta":{"_acf_changed":false,"footnotes":""},"class_list":["post-1785","page","type-page","status-publish","hentry"],"acf":[],"yoast_head":"<!-- This site is optimized with the Yoast SEO plugin v27.2 - https:\/\/yoast.com\/product\/yoast-seo-wordpress\/ -->\n<title>Masterclasses and Workshops - Conservatorio di Cremona<\/title>\n<meta name=\"robots\" content=\"index, follow, max-snippet:-1, max-image-preview:large, max-video-preview:-1\" \/>\n<link rel=\"canonical\" href=\"https:\/\/www.conscremona.it\/en\/masterclasses-and-workshops\/\" \/>\n<meta property=\"og:locale\" content=\"en_US\" \/>\n<meta property=\"og:type\" content=\"article\" \/>\n<meta property=\"og:title\" content=\"Masterclasses and Workshops - Conservatorio di Cremona\" \/>\n<meta property=\"og:description\" content=\"Violin masterclass by Maestro Gabriele Pieranunzi: repertoire, solos and orchestral excerpts 19 Maggio 2022 We are pleased to welcome Maestro Gabriele Pieranunzi, internationally renowned violinist. In the beautiful setting of [&hellip;]\" \/>\n<meta property=\"og:url\" content=\"https:\/\/www.conscremona.it\/en\/masterclasses-and-workshops\/\" \/>\n<meta property=\"og:site_name\" content=\"Conservatorio di Cremona\" \/>\n<meta property=\"article:modified_time\" content=\"2022-08-24T12:15:18+00:00\" \/>\n<meta name=\"twitter:card\" content=\"summary_large_image\" \/>\n<meta name=\"twitter:label1\" content=\"Est. reading time\" \/>\n\t<meta name=\"twitter:data1\" content=\"7 minutes\" \/>\n<script type=\"application\/ld+json\" class=\"yoast-schema-graph\">{\"@context\":\"https:\/\/schema.org\",\"@graph\":[{\"@type\":\"WebPage\",\"@id\":\"https:\/\/www.conscremona.it\/en\/masterclasses-and-workshops\/\",\"url\":\"https:\/\/www.conscremona.it\/en\/masterclasses-and-workshops\/\",\"name\":\"Masterclasses and Workshops - Conservatorio di Cremona\",\"isPartOf\":{\"@id\":\"https:\/\/www.conscremona.it\/#website\"},\"datePublished\":\"2017-01-30T23:14:46+00:00\",\"dateModified\":\"2022-08-24T12:15:18+00:00\",\"breadcrumb\":{\"@id\":\"https:\/\/www.conscremona.it\/en\/masterclasses-and-workshops\/#breadcrumb\"},\"inLanguage\":\"en-US\",\"potentialAction\":[{\"@type\":\"ReadAction\",\"target\":[\"https:\/\/www.conscremona.it\/en\/masterclasses-and-workshops\/\"]}]},{\"@type\":\"BreadcrumbList\",\"@id\":\"https:\/\/www.conscremona.it\/en\/masterclasses-and-workshops\/#breadcrumb\",\"itemListElement\":[{\"@type\":\"ListItem\",\"position\":1,\"name\":\"Home\",\"item\":\"https:\/\/www.conscremona.it\/en\/\"},{\"@type\":\"ListItem\",\"position\":2,\"name\":\"Masterclasses and Workshops\"}]},{\"@type\":\"WebSite\",\"@id\":\"https:\/\/www.conscremona.it\/#website\",\"url\":\"https:\/\/www.conscremona.it\/\",\"name\":\"Conservatorio Claudio Monteverdi di Cremona\",\"description\":\"Istituto Superiore di Studi Musicali &quot;Claudio Monteverdi&quot; di Cremona\",\"publisher\":{\"@id\":\"https:\/\/www.conscremona.it\/#organization\"},\"potentialAction\":[{\"@type\":\"SearchAction\",\"target\":{\"@type\":\"EntryPoint\",\"urlTemplate\":\"https:\/\/www.conscremona.it\/?s={search_term_string}\"},\"query-input\":{\"@type\":\"PropertyValueSpecification\",\"valueRequired\":true,\"valueName\":\"search_term_string\"}}],\"inLanguage\":\"en-US\"},{\"@type\":\"Organization\",\"@id\":\"https:\/\/www.conscremona.it\/#organization\",\"name\":\"Conservatorio Claudio Monteverdi di Cremona\",\"url\":\"https:\/\/www.conscremona.it\/\",\"logo\":{\"@type\":\"ImageObject\",\"inLanguage\":\"en-US\",\"@id\":\"https:\/\/www.conscremona.it\/#\/schema\/logo\/image\/\",\"url\":\"https:\/\/www.conscremona.it\/site\/wp-content\/uploads\/2023\/10\/Logo-ok-color-1.png\",\"contentUrl\":\"https:\/\/www.conscremona.it\/site\/wp-content\/uploads\/2023\/10\/Logo-ok-color-1.png\",\"width\":1920,\"height\":523,\"caption\":\"Conservatorio Claudio Monteverdi di Cremona\"},\"image\":{\"@id\":\"https:\/\/www.conscremona.it\/#\/schema\/logo\/image\/\"}}]}<\/script>\n<!-- \/ Yoast SEO plugin. -->","yoast_head_json":{"title":"Masterclasses and Workshops - Conservatorio di Cremona","robots":{"index":"index","follow":"follow","max-snippet":"max-snippet:-1","max-image-preview":"max-image-preview:large","max-video-preview":"max-video-preview:-1"},"canonical":"https:\/\/www.conscremona.it\/en\/masterclasses-and-workshops\/","og_locale":"en_US","og_type":"article","og_title":"Masterclasses and Workshops - Conservatorio di Cremona","og_description":"Violin masterclass by Maestro Gabriele Pieranunzi: repertoire, solos and orchestral excerpts 19 Maggio 2022 We are pleased to welcome Maestro Gabriele Pieranunzi, internationally renowned violinist. In the beautiful setting of [&hellip;]","og_url":"https:\/\/www.conscremona.it\/en\/masterclasses-and-workshops\/","og_site_name":"Conservatorio di Cremona","article_modified_time":"2022-08-24T12:15:18+00:00","twitter_card":"summary_large_image","twitter_misc":{"Est. reading time":"7 minutes"},"schema":{"@context":"https:\/\/schema.org","@graph":[{"@type":"WebPage","@id":"https:\/\/www.conscremona.it\/en\/masterclasses-and-workshops\/","url":"https:\/\/www.conscremona.it\/en\/masterclasses-and-workshops\/","name":"Masterclasses and Workshops - Conservatorio di Cremona","isPartOf":{"@id":"https:\/\/www.conscremona.it\/#website"},"datePublished":"2017-01-30T23:14:46+00:00","dateModified":"2022-08-24T12:15:18+00:00","breadcrumb":{"@id":"https:\/\/www.conscremona.it\/en\/masterclasses-and-workshops\/#breadcrumb"},"inLanguage":"en-US","potentialAction":[{"@type":"ReadAction","target":["https:\/\/www.conscremona.it\/en\/masterclasses-and-workshops\/"]}]},{"@type":"BreadcrumbList","@id":"https:\/\/www.conscremona.it\/en\/masterclasses-and-workshops\/#breadcrumb","itemListElement":[{"@type":"ListItem","position":1,"name":"Home","item":"https:\/\/www.conscremona.it\/en\/"},{"@type":"ListItem","position":2,"name":"Masterclasses and Workshops"}]},{"@type":"WebSite","@id":"https:\/\/www.conscremona.it\/#website","url":"https:\/\/www.conscremona.it\/","name":"Conservatorio Claudio Monteverdi di Cremona","description":"Istituto Superiore di Studi Musicali &quot;Claudio Monteverdi&quot; di Cremona","publisher":{"@id":"https:\/\/www.conscremona.it\/#organization"},"potentialAction":[{"@type":"SearchAction","target":{"@type":"EntryPoint","urlTemplate":"https:\/\/www.conscremona.it\/?s={search_term_string}"},"query-input":{"@type":"PropertyValueSpecification","valueRequired":true,"valueName":"search_term_string"}}],"inLanguage":"en-US"},{"@type":"Organization","@id":"https:\/\/www.conscremona.it\/#organization","name":"Conservatorio Claudio Monteverdi di Cremona","url":"https:\/\/www.conscremona.it\/","logo":{"@type":"ImageObject","inLanguage":"en-US","@id":"https:\/\/www.conscremona.it\/#\/schema\/logo\/image\/","url":"https:\/\/www.conscremona.it\/site\/wp-content\/uploads\/2023\/10\/Logo-ok-color-1.png","contentUrl":"https:\/\/www.conscremona.it\/site\/wp-content\/uploads\/2023\/10\/Logo-ok-color-1.png","width":1920,"height":523,"caption":"Conservatorio Claudio Monteverdi di Cremona"},"image":{"@id":"https:\/\/www.conscremona.it\/#\/schema\/logo\/image\/"}}]}},"_links":{"self":[{"href":"https:\/\/www.conscremona.it\/en\/wp-json\/wp\/v2\/pages\/1785","targetHints":{"allow":["GET"]}}],"collection":[{"href":"https:\/\/www.conscremona.it\/en\/wp-json\/wp\/v2\/pages"}],"about":[{"href":"https:\/\/www.conscremona.it\/en\/wp-json\/wp\/v2\/types\/page"}],"author":[{"embeddable":true,"href":"https:\/\/www.conscremona.it\/en\/wp-json\/wp\/v2\/users\/8"}],"replies":[{"embeddable":true,"href":"https:\/\/www.conscremona.it\/en\/wp-json\/wp\/v2\/comments?post=1785"}],"version-history":[{"count":50,"href":"https:\/\/www.conscremona.it\/en\/wp-json\/wp\/v2\/pages\/1785\/revisions"}],"predecessor-version":[{"id":10618,"href":"https:\/\/www.conscremona.it\/en\/wp-json\/wp\/v2\/pages\/1785\/revisions\/10618"}],"wp:attachment":[{"href":"https:\/\/www.conscremona.it\/en\/wp-json\/wp\/v2\/media?parent=1785"}],"curies":[{"name":"wp","href":"https:\/\/api.w.org\/{rel}","templated":true}]}}